{"version":"1.0","provider_name":"Projeto Purus","provider_url":"https:\/\/projetopurus.com.br\/en","author_name":"robisonweb","author_url":"https:\/\/projetopurus.com.br\/en\/author\/robisonweb\/","title":"Pre\u00e7os do carbono na Europa avan\u00e7am - Projeto Purus","type":"rich","width":600,"height":338,"html":"<blockquote class=\"wp-embedded-content\" data-secret=\"ebBHjKIUW9\"><a href=\"https:\/\/projetopurus.com.br\/en\/2016\/05\/19\/precos-do-carbono-na-europa-avancam\/\">Carbon prices in Europe advance<\/a><\/blockquote><iframe sandbox=\"allow-scripts\" security=\"restricted\" src=\"https:\/\/projetopurus.com.br\/en\/2016\/05\/19\/precos-do-carbono-na-europa-avancam\/embed\/#?secret=ebBHjKIUW9\" width=\"600\" height=\"338\" title=\"&#8220;Pre\u00e7os do carbono na Europa avan\u00e7am&#8221; &#8212; Projeto Purus\" data-secret=\"ebBHjKIUW9\" frameborder=\"0\" marginwidth=\"0\" marginheight=\"0\" scrolling=\"no\" class=\"wp-embedded-content\"><\/iframe><script>\n\/*! This file is auto-generated *\/\n!function(d,l){\"use strict\";l.querySelector&&d.addEventListener&&\"undefined\"!=typeof URL&&(d.wp=d.wp||{},d.wp.receiveEmbedMessage||(d.wp.receiveEmbedMessage=function(e){var t=e.data;if((t||t.secret||t.message||t.value)&&!\/[^a-zA-Z0-9]\/.test(t.secret)){for(var s,r,n,a=l.querySelectorAll('iframe[data-secret=\"'+t.secret+'\"]'),o=l.querySelectorAll('blockquote[data-secret=\"'+t.secret+'\"]'),c=new RegExp(\"^https?:$\",\"i\"),i=0;i<o.length;i++)o[i].style.display=\"none\";for(i=0;i<a.length;i++)s=a[i],e.source===s.contentWindow&&(s.removeAttribute(\"style\"),\"height\"===t.message?(1e3<(r=parseInt(t.value,10))?r=1e3:~~r<200&&(r=200),s.height=r):\"link\"===t.message&&(r=new URL(s.getAttribute(\"src\")),n=new URL(t.value),c.test(n.protocol))&&n.host===r.host&&l.activeElement===s&&(d.top.location.href=t.value))}},d.addEventListener(\"message\",d.wp.receiveEmbedMessage,!1),l.addEventListener(\"DOMContentLoaded\",function(){for(var e,t,s=l.querySelectorAll(\"iframe.wp-embedded-content\"),r=0;r<s.length;r++)(t=(e=s[r]).getAttribute(\"data-secret\"))||(t=Math.random().toString(36).substring(2,12),e.src+=\"#?secret=\"+t,e.setAttribute(\"data-secret\",t)),e.contentWindow.postMessage({message:\"ready\",secret:t},\"*\")},!1)))}(window,document);\n\/\/# sourceURL=https:\/\/projetopurus.com.br\/wp-includes\/js\/wp-embed.min.js\n<\/script>","thumbnail_url":"https:\/\/projetopurus.com.br\/wp-content\/uploads\/2021\/04\/co2.png","thumbnail_width":800,"thumbnail_height":600,"description":"O maior mercado de carbono ao redor do globo, o esquema europeu de com\u00e9rcio de emiss\u00f5es, continua a escalada em compara\u00e7\u00e3o ao seu ponto baixo em julho dentre um panorama econ\u00f4mico gradualmente mais positivo. Mas mesmo com as permiss\u00f5es de emiss\u00e3o (EUAs) se aproximando da marca de \u20ac 16, os pre\u00e7os ainda est\u00e3o bem abaixo &hellip;  Read More &raquo;"}